{"id":1588,"date":"2025-02-23T13:40:50","date_gmt":"2025-02-23T12:40:50","guid":{"rendered":"https:\/\/new.hildasholm.org\/?page_id=1588"},"modified":"2025-05-26T15:59:06","modified_gmt":"2025-05-26T14:59:06","slug":"konserter","status":"publish","type":"page","link":"https:\/\/hildasholm.org\/en\/evenemang\/konserter\/","title":{"rendered":"Concerts"},"content":{"rendered":"\t\t<div data-elementor-type=\"wp-page\" data-elementor-id=\"1588\" class=\"elementor elementor-1588\" data-elementor-post-type=\"page\">\n\t\t\t\t<div class=\"elementor-element elementor-element-4bb1542 e-flex e-con-boxed e-con e-parent\" data-id=\"4bb1542\" data-element_type=\"container\" data-e-type=\"container\">\n\t\t\t\t\t<div class=\"e-con-inner\">\n\t\t\t\t<div class=\"elementor-element elementor-element-809eeef elementor-widget elementor-widget-the-events-calendar-addon\" data-id=\"809eeef\" data-element_type=\"widget\" data-e-type=\"widget\" data-widget_type=\"the-events-calendar-addon.default\">\n\t\t\t\t<div class=\"elementor-widget-container\">\n\t\t\t\t\t<!=========Events list Template 1.7.3=========><script type=\"application\/ld+json\">\r\n[{\"@context\":\"http:\/\/schema.org\",\"@type\":\"Event\",\"name\":\"Invigning av s\\u00e4songen p\\u00e5 Hildasholm\",\"description\":\"&lt;p&gt;Torsdag 14 maj \\u00f6ppnar Hildasholm f\\u00f6r s\\u00e4songen, och vi bjuder in till en premi\\u00e4rdag med konst, kaf\\u00e9 och invigningstal av landsh\\u00f6vding Helena H\\u00f6ij. Program f\\u00f6r l\\u00f6rdagen: V\\u00e4lkommen till en ny [&hellip;]&lt;\/p&gt;\\\\n\",\"image\":\"https:\/\/hildasholm.org\/wp-content\/uploads\/2025\/08\/Hildasholm-Evenemang-2.jpg\",\"url\":\"https:\/\/hildasholm.org\/en\/event\/invigning-av-sasongen-pa-hildasholm-2\/\",\"eventAttendanceMode\":\"https:\/\/schema.org\/OfflineEventAttendanceMode\",\"eventStatus\":\"https:\/\/schema.org\/EventScheduled\",\"startDate\":\"2026-05-14T10:30:00+01:00\",\"endDate\":\"2026-05-14T15:00:00+01:00\",\"offers\":{\"@type\":\"Offer\",\"price\":\"0\",\"priceCurrency\":\"SEK\",\"url\":\"https:\/\/hildasholm.org\/en\/event\/invigning-av-sasongen-pa-hildasholm-2\/\",\"category\":\"primary\",\"availability\":\"inStock\",\"validFrom\":\"2026-03-11T00:00:00+00:00\"},\"performer\":\"Organization\"},{\"@context\":\"http:\/\/schema.org\",\"@type\":\"Event\",\"name\":\"Workshop: Skapa din egen gr\\u00e4skrona\",\"description\":\"&lt;p&gt;Vill du utforska din kreativitet och skapa n\\u00e5got vackert med naturens material? Under denna workshop f\\u00e5r du m\\u00f6jlighet att skapa din egen\\u00a0gr\\u00e4skrona, en kombination av traditionellt hantverk och modern design.&lt;\/p&gt;\\\\n\",\"image\":\"https:\/\/hildasholm.org\/wp-content\/uploads\/2026\/03\/Skapa-din-egen-graskrona-2.jpg\",\"url\":\"https:\/\/hildasholm.org\/en\/event\/workshop-skapa-din-egen-graskrona\/\",\"eventAttendanceMode\":\"https:\/\/schema.org\/OfflineEventAttendanceMode\",\"eventStatus\":\"https:\/\/schema.org\/EventScheduled\",\"startDate\":\"2026-07-04T13:00:00+01:00\",\"endDate\":\"2026-07-04T16:00:00+01:00\",\"offers\":{\"@type\":\"Offer\",\"price\":\"1300\",\"priceCurrency\":\"SEK\",\"url\":\"https:\/\/hildasholm.org\/en\/event\/workshop-skapa-din-egen-graskrona\/\",\"category\":\"primary\",\"availability\":\"inStock\",\"validFrom\":\"2026-03-30T00:00:00+00:00\"},\"performer\":\"Organization\"},{\"@context\":\"http:\/\/schema.org\",\"@type\":\"Event\",\"name\":\"Biblioterapi p\\u00e5 Hildasholm &#8211; tema barndom\",\"description\":\"&lt;p&gt;Den 5 och 12 juli \\u00f6ppnar Hildasholm d\\u00f6rrarna f\\u00f6r dig som l\\u00e4ngtar efter en plats att andas. Med hj\\u00e4lp av poesi, samtal och eget skrivande \\u00f6ppnar vi upp f\\u00f6r nya [&hellip;]&lt;\/p&gt;\\\\n\",\"image\":\"https:\/\/hildasholm.org\/wp-content\/uploads\/2026\/04\/Biblioterapi-e1776330980752.jpeg\",\"url\":\"https:\/\/hildasholm.org\/en\/event\/biblioterapi-pa-hildasholm-tema-barndom\/\",\"eventAttendanceMode\":\"https:\/\/schema.org\/OfflineEventAttendanceMode\",\"eventStatus\":\"https:\/\/schema.org\/EventScheduled\",\"startDate\":\"2026-07-05T14:00:00+01:00\",\"endDate\":\"2026-07-05T17:00:00+01:00\",\"offers\":{\"@type\":\"Offer\",\"price\":\"250\",\"priceCurrency\":\"SEK\",\"url\":\"https:\/\/hildasholm.org\/en\/event\/biblioterapi-pa-hildasholm-tema-barndom\/\",\"category\":\"primary\",\"availability\":\"inStock\",\"validFrom\":\"2026-04-16T00:00:00+00:00\"},\"performer\":\"Organization\"},{\"@context\":\"http:\/\/schema.org\",\"@type\":\"Event\",\"name\":\"Barnteaterveckan\",\"description\":\"&lt;p&gt;Barnteaterveckan \\u00e5terv\\u00e4nder till Hildasholm vecka 28. Kom hela familjen och l\\u00e5t er inspireras av en fantastisk milj\\u00f6!\\u00a0Ta del av f\\u00f6rest\\u00e4llningar, uppt\\u00e4ck tr\\u00e4dg\\u00e5rden eller g\\u00e5 en familjevisning och l\\u00e4r k\\u00e4nna Hildasholm [&hellip;]&lt;\/p&gt;\\\\n\",\"image\":\"https:\/\/hildasholm.org\/wp-content\/uploads\/2026\/03\/solo-forma-1.jpg\",\"url\":\"https:\/\/hildasholm.org\/en\/event\/barnteaterveckan\/\",\"eventAttendanceMode\":\"https:\/\/schema.org\/OfflineEventAttendanceMode\",\"eventStatus\":\"https:\/\/schema.org\/EventScheduled\",\"startDate\":\"2026-07-07T11:00:00+01:00\",\"endDate\":\"2026-07-10T16:00:00+01:00\",\"performer\":\"Organization\"},{\"@context\":\"http:\/\/schema.org\",\"@type\":\"Event\",\"name\":\"Cyanotypi &#8211; skapa med v\\u00e4xter och solljus\",\"description\":\"&lt;p&gt;Skapa med naturen i den magiska milj\\u00f6n p\\u00e5 Hildasholm. Med hj\\u00e4lp av solljus och handplockade v\\u00e4xter formar du unika konstverk i bl\\u00e5 toner.&lt;\/p&gt;\\\\n\",\"image\":\"https:\/\/hildasholm.org\/wp-content\/uploads\/2026\/04\/Cyanotypi.jpg\",\"url\":\"https:\/\/hildasholm.org\/en\/event\/cyanotypi-skapa-med-vaxter-och-solljus\/\",\"eventAttendanceMode\":\"https:\/\/schema.org\/OfflineEventAttendanceMode\",\"eventStatus\":\"https:\/\/schema.org\/EventScheduled\",\"startDate\":\"2026-07-11T10:30:00+01:00\",\"endDate\":\"2026-07-11T14:00:00+01:00\",\"performer\":\"Organization\"},{\"@context\":\"http:\/\/schema.org\",\"@type\":\"Event\",\"name\":\"Biblioterapi p\\u00e5 Hildasholm &#8211; tema visdom\",\"description\":\"&lt;p&gt;Den 5 och 12 juli \\u00f6ppnar Hildasholm d\\u00f6rrarna f\\u00f6r dig som l\\u00e4ngtar efter en plats att andas. Med hj\\u00e4lp av poesi, samtal och eget skrivande \\u00f6ppnar vi upp f\\u00f6r nya [&hellip;]&lt;\/p&gt;\\\\n\",\"image\":\"https:\/\/hildasholm.org\/wp-content\/uploads\/2026\/04\/Biblioterapi-e1776330980752.jpeg\",\"url\":\"https:\/\/hildasholm.org\/en\/event\/biblioterapi-pa-hildasholm-tema-visdom\/\",\"eventAttendanceMode\":\"https:\/\/schema.org\/OfflineEventAttendanceMode\",\"eventStatus\":\"https:\/\/schema.org\/EventScheduled\",\"startDate\":\"2026-07-12T14:00:00+01:00\",\"endDate\":\"2026-07-12T17:00:00+01:00\",\"offers\":{\"@type\":\"Offer\",\"price\":\"250\",\"priceCurrency\":\"SEK\",\"url\":\"https:\/\/hildasholm.org\/en\/event\/biblioterapi-pa-hildasholm-tema-visdom\/\",\"category\":\"primary\",\"availability\":\"inStock\",\"validFrom\":\"2026-04-16T00:00:00+00:00\"},\"performer\":\"Organization\"},{\"@context\":\"http:\/\/schema.org\",\"@type\":\"Event\",\"name\":\"En sagov\\u00e4rld &#8211; marionetter och barnkultur hos familjen Munthe\",\"description\":\"&lt;p&gt;I sommar bjuder Hildasholm in till ett f\\u00f6redrag med Ostwald Au-Yeung om marionetter, barnkultur och familjen Munthes sagov\\u00e4rld.&lt;\/p&gt;\\\\n\",\"image\":\"https:\/\/hildasholm.org\/wp-content\/uploads\/2026\/04\/IMG_3135-scaled-e1776330129181.jpg\",\"url\":\"https:\/\/hildasholm.org\/en\/event\/en-sagovarld-marionetter-och-barnkultur-hos-familjen-munthe\/\",\"eventAttendanceMode\":\"https:\/\/schema.org\/OfflineEventAttendanceMode\",\"eventStatus\":\"https:\/\/schema.org\/EventScheduled\",\"startDate\":\"2026-07-14T16:00:00+01:00\",\"endDate\":\"2026-07-14T17:00:00+01:00\",\"offers\":{\"@type\":\"Offer\",\"price\":\"180\",\"priceCurrency\":\"SEK\",\"url\":\"https:\/\/hildasholm.org\/en\/event\/en-sagovarld-marionetter-och-barnkultur-hos-familjen-munthe\/\",\"category\":\"primary\",\"availability\":\"inStock\",\"validFrom\":\"2026-04-22T00:00:00+00:00\"},\"performer\":\"Organization\"},{\"@context\":\"http:\/\/schema.org\",\"@type\":\"Event\",\"name\":\"F\\u00f6redrag: Hildasholmstapeten med Noomi Spange fr\\u00e5n Bor\\u00e5stapeter\",\"description\":\"&lt;p&gt;Hur blir en tapet till, fr\\u00e5n f\\u00f6rsta id\\u00e9 till f\\u00e4rdig produkt? Den 16 juli g\\u00e4star designern Noomi Spange Hildasholm f\\u00f6r ett kv\\u00e4llsf\\u00f6redrag om tapeter, m\\u00f6nsterskapande och tapeten Hildasholm.&lt;\/p&gt;\\\\n\",\"image\":\"https:\/\/hildasholm.org\/wp-content\/uploads\/2026\/04\/Borastapeter.jpg\",\"url\":\"https:\/\/hildasholm.org\/en\/event\/foredrag-hildasholmstapeten\/\",\"eventAttendanceMode\":\"https:\/\/schema.org\/OfflineEventAttendanceMode\",\"eventStatus\":\"https:\/\/schema.org\/EventScheduled\",\"startDate\":\"2026-07-16T19:00:00+01:00\",\"endDate\":\"2026-07-16T20:00:00+01:00\",\"offers\":{\"@type\":\"Offer\",\"price\":\"190\",\"priceCurrency\":\"SEK\",\"url\":\"https:\/\/hildasholm.org\/en\/event\/foredrag-hildasholmstapeten\/\",\"category\":\"primary\",\"availability\":\"inStock\",\"validFrom\":\"2026-04-28T00:00:00+00:00\"},\"performer\":\"Organization\"},{\"@context\":\"http:\/\/schema.org\",\"@type\":\"Event\",\"name\":\"Premi\\u00e4r: Hilda \\u2013 musikteater p\\u00e5 Hildasholm\",\"description\":\"&lt;p&gt;I sommar blir det musikteater i salongen p\\u00e5 Hildasholm \\u2013 en lekfull och st\\u00e4mningsfull f\\u00f6rest\\u00e4llning om Hildas liv och v\\u00e4rld.&lt;\/p&gt;\\\\n\",\"image\":\"https:\/\/hildasholm.org\/wp-content\/uploads\/2026\/03\/Hilda-16-9.jpg\",\"url\":\"https:\/\/hildasholm.org\/en\/event\/premiar-hilda-musikteater-pa-hildasholm\/\",\"eventAttendanceMode\":\"https:\/\/schema.org\/OfflineEventAttendanceMode\",\"eventStatus\":\"https:\/\/schema.org\/EventScheduled\",\"startDate\":\"2026-07-30T19:00:00+01:00\",\"endDate\":\"2026-07-30T20:00:00+01:00\",\"performer\":\"Organization\"},{\"@context\":\"http:\/\/schema.org\",\"@type\":\"Event\",\"name\":\"Matin\\u00e9: Hilda \\u2013 musikteater p\\u00e5 Hildasholm\",\"description\":\"&lt;p&gt;I sommar blir det musikteater i salongen p\\u00e5 Hildasholm \\u2013 en lekfull och st\\u00e4mningsfull f\\u00f6rest\\u00e4llning om Hildas liv och v\\u00e4rld.&lt;\/p&gt;\\\\n\",\"image\":\"https:\/\/hildasholm.org\/wp-content\/uploads\/2026\/03\/Hilda-16-9.jpg\",\"url\":\"https:\/\/hildasholm.org\/en\/event\/matine-hilda-musikteater-pa-hildasholm-2\/\",\"eventAttendanceMode\":\"https:\/\/schema.org\/OfflineEventAttendanceMode\",\"eventStatus\":\"https:\/\/schema.org\/EventScheduled\",\"startDate\":\"2026-07-31T16:00:00+01:00\",\"endDate\":\"2026-07-31T17:00:00+01:00\",\"performer\":\"Organization\"},{\"@context\":\"http:\/\/schema.org\",\"@type\":\"Event\",\"name\":\"Hilda \\u2013 musikteater p\\u00e5 Hildasholm\",\"description\":\"&lt;p&gt;I sommar blir det musikteater i salongen p\\u00e5 Hildasholm \\u2013 en lekfull och st\\u00e4mningsfull f\\u00f6rest\\u00e4llning om Hildas liv och v\\u00e4rld.&lt;\/p&gt;\\\\n\",\"image\":\"https:\/\/hildasholm.org\/wp-content\/uploads\/2026\/03\/Hilda-16-9.jpg\",\"url\":\"https:\/\/hildasholm.org\/en\/event\/hilda-musikteater-pa-hildasholm\/\",\"eventAttendanceMode\":\"https:\/\/schema.org\/OfflineEventAttendanceMode\",\"eventStatus\":\"https:\/\/schema.org\/EventScheduled\",\"startDate\":\"2026-07-31T19:00:00+01:00\",\"endDate\":\"2026-07-31T20:00:00+01:00\",\"performer\":\"Organization\"},{\"@context\":\"http:\/\/schema.org\",\"@type\":\"Event\",\"name\":\"Matin\\u00e9: Hilda \\u2013 musikteater p\\u00e5 Hildasholm\",\"description\":\"&lt;p&gt;I sommar blir det musikteater i salongen p\\u00e5 Hildasholm \\u2013 en lekfull och st\\u00e4mningsfull f\\u00f6rest\\u00e4llning om Hildas liv och v\\u00e4rld.&lt;\/p&gt;\\\\n\",\"image\":\"https:\/\/hildasholm.org\/wp-content\/uploads\/2026\/03\/Hilda-16-9.jpg\",\"url\":\"https:\/\/hildasholm.org\/en\/event\/matine-hilda-musikteater-pa-hildasholm\/\",\"eventAttendanceMode\":\"https:\/\/schema.org\/OfflineEventAttendanceMode\",\"eventStatus\":\"https:\/\/schema.org\/EventScheduled\",\"startDate\":\"2026-08-01T16:00:00+01:00\",\"endDate\":\"2026-08-01T17:00:00+01:00\",\"performer\":\"Organization\"},{\"@context\":\"http:\/\/schema.org\",\"@type\":\"Event\",\"name\":\"Hilda \\u2013 musikteater p\\u00e5 Hildasholm\",\"description\":\"&lt;p&gt;I sommar blir det musikteater i salongen p\\u00e5 Hildasholm \\u2013 en lekfull och st\\u00e4mningsfull f\\u00f6rest\\u00e4llning om Hildas liv och v\\u00e4rld.&lt;\/p&gt;\\\\n\",\"image\":\"https:\/\/hildasholm.org\/wp-content\/uploads\/2026\/03\/Hilda-16-9.jpg\",\"url\":\"https:\/\/hildasholm.org\/en\/event\/hilda-musikteater-pa-hildasholm-2\/\",\"eventAttendanceMode\":\"https:\/\/schema.org\/OfflineEventAttendanceMode\",\"eventStatus\":\"https:\/\/schema.org\/EventScheduled\",\"startDate\":\"2026-08-01T19:00:00+01:00\",\"endDate\":\"2026-08-01T20:00:00+01:00\",\"performer\":\"Organization\"}]\r\n<\/script><div id=\"ectbe-wrapper-809eeef\" class=\"ectbe-wrapper ectbe-list-wrapper style-2\"><div class=\"ectbe-month-header ectbe-simple-event\">July 2026<\/div><div id=\"event-3029\" class=\"ectbe-inner-wrapper ectbe-simple-event\"><div id=\"ectbe-date\" class=\"ectbe-date-area\">\n\t\t\t\t\t\t<span class=\"ectbe-ev-mo\">Jul<\/span>\n\t\t\t\t\t\t<span class=\"ectbe-ev-day\">30<\/span>\n\t\t\t\t\t<\/div><div class=\"ectbe-content-box\"><div class=\"ectbe-date-area\">\n                                <span class=\"ectbe-ev-day\">30<\/span>\n                                <span class=\"ectbe-ev-mo\">July<\/span>\n                                <span class=\"ectbe-ev-yr\">2026<\/span>\n                                <\/div><div class=\"ectbe-ev-cate\"><ul class=\"ectbe-evt-category\"><li class=\"ectbe-each-cate\"><a href=\"https:\/\/hildasholm.org\/en\/events\/category\/konsert\/\" rel=\"tag\">konsert<\/a><\/li><\/ul><\/div><div class=\"ectbe-evt-title\"><a class=\"ectbe-evt-url\" href=\"https:\/\/hildasholm.org\/en\/event\/premiar-hilda-musikteater-pa-hildasholm\/\">Premi\u00e4r: Hilda \u2013 musikteater p\u00e5 Hildasholm<\/a><\/div><div class=\"ectbe-evt-description\"><p>I sommar blir det musikteater i salongen p\u00e5 Hildasholm \u2013 en lekfull och st\u00e4mningsfull f\u00f6rest\u00e4llning om Hildas liv och v\u00e4rld.<\/p>\n<\/div><div class=\"ectbe-evt-more-box\"><a class=\"ectbe-evt-read-more\" href=\"https:\/\/hildasholm.org\/en\/event\/premiar-hilda-musikteater-pa-hildasholm\/\">Find out more<\/a><\/div><\/div><div class=\"ectbe-evt-img\"><img decoding=\"async\" src=\"https:\/\/hildasholm.org\/wp-content\/uploads\/2026\/03\/Hilda-16-9-1024x576.jpg\" alt=\"\" \/><\/div><\/div><div id=\"event-3039\" class=\"ectbe-inner-wrapper ectbe-simple-event\"><div id=\"ectbe-date\" class=\"ectbe-date-area\">\n\t\t\t\t\t\t<span class=\"ectbe-ev-mo\">Jul<\/span>\n\t\t\t\t\t\t<span class=\"ectbe-ev-day\">31<\/span>\n\t\t\t\t\t<\/div><div class=\"ectbe-content-box\"><div class=\"ectbe-date-area\">\n                                <span class=\"ectbe-ev-day\">31<\/span>\n                                <span class=\"ectbe-ev-mo\">July<\/span>\n                                <span class=\"ectbe-ev-yr\">2026<\/span>\n                                <\/div><div class=\"ectbe-ev-cate\"><ul class=\"ectbe-evt-category\"><li class=\"ectbe-each-cate\"><a href=\"https:\/\/hildasholm.org\/en\/events\/category\/konsert\/\" rel=\"tag\">konsert<\/a><\/li><\/ul><\/div><div class=\"ectbe-evt-title\"><a class=\"ectbe-evt-url\" href=\"https:\/\/hildasholm.org\/en\/event\/matine-hilda-musikteater-pa-hildasholm-2\/\">Matin\u00e9: Hilda \u2013 musikteater p\u00e5 Hildasholm<\/a><\/div><div class=\"ectbe-evt-description\"><p>I sommar blir det musikteater i salongen p\u00e5 Hildasholm \u2013 en lekfull och st\u00e4mningsfull f\u00f6rest\u00e4llning om Hildas liv och v\u00e4rld.<\/p>\n<\/div><div class=\"ectbe-evt-more-box\"><a class=\"ectbe-evt-read-more\" href=\"https:\/\/hildasholm.org\/en\/event\/matine-hilda-musikteater-pa-hildasholm-2\/\">Find out more<\/a><\/div><\/div><div class=\"ectbe-evt-img\"><img decoding=\"async\" src=\"https:\/\/hildasholm.org\/wp-content\/uploads\/2026\/03\/Hilda-16-9-1024x576.jpg\" alt=\"\" \/><\/div><\/div><div id=\"event-3041\" class=\"ectbe-inner-wrapper ectbe-simple-event\"><div id=\"ectbe-date\" class=\"ectbe-date-area\">\n\t\t\t\t\t\t<span class=\"ectbe-ev-mo\">Jul<\/span>\n\t\t\t\t\t\t<span class=\"ectbe-ev-day\">31<\/span>\n\t\t\t\t\t<\/div><div class=\"ectbe-content-box\"><div class=\"ectbe-date-area\">\n                                <span class=\"ectbe-ev-day\">31<\/span>\n                                <span class=\"ectbe-ev-mo\">July<\/span>\n                                <span class=\"ectbe-ev-yr\">2026<\/span>\n                                <\/div><div class=\"ectbe-ev-cate\"><ul class=\"ectbe-evt-category\"><li class=\"ectbe-each-cate\"><a href=\"https:\/\/hildasholm.org\/en\/events\/category\/konsert\/\" rel=\"tag\">konsert<\/a><\/li><\/ul><\/div><div class=\"ectbe-evt-title\"><a class=\"ectbe-evt-url\" href=\"https:\/\/hildasholm.org\/en\/event\/hilda-musikteater-pa-hildasholm\/\">Hilda \u2013 musikteater p\u00e5 Hildasholm<\/a><\/div><div class=\"ectbe-evt-description\"><p>I sommar blir det musikteater i salongen p\u00e5 Hildasholm \u2013 en lekfull och st\u00e4mningsfull f\u00f6rest\u00e4llning om Hildas liv och v\u00e4rld.<\/p>\n<\/div><div class=\"ectbe-evt-more-box\"><a class=\"ectbe-evt-read-more\" href=\"https:\/\/hildasholm.org\/en\/event\/hilda-musikteater-pa-hildasholm\/\">Find out more<\/a><\/div><\/div><div class=\"ectbe-evt-img\"><img decoding=\"async\" src=\"https:\/\/hildasholm.org\/wp-content\/uploads\/2026\/03\/Hilda-16-9-1024x576.jpg\" alt=\"\" \/><\/div><\/div><div class=\"ectbe-month-header ectbe-simple-event\">August 2026<\/div><div id=\"event-3042\" class=\"ectbe-inner-wrapper ectbe-simple-event\"><div id=\"ectbe-date\" class=\"ectbe-date-area\">\n\t\t\t\t\t\t<span class=\"ectbe-ev-mo\">Aug<\/span>\n\t\t\t\t\t\t<span class=\"ectbe-ev-day\">01<\/span>\n\t\t\t\t\t<\/div><div class=\"ectbe-content-box\"><div class=\"ectbe-date-area\">\n                                <span class=\"ectbe-ev-day\">01<\/span>\n                                <span class=\"ectbe-ev-mo\">August<\/span>\n                                <span class=\"ectbe-ev-yr\">2026<\/span>\n                                <\/div><div class=\"ectbe-ev-cate\"><ul class=\"ectbe-evt-category\"><li class=\"ectbe-each-cate\"><a href=\"https:\/\/hildasholm.org\/en\/events\/category\/konsert\/\" rel=\"tag\">konsert<\/a><\/li><\/ul><\/div><div class=\"ectbe-evt-title\"><a class=\"ectbe-evt-url\" href=\"https:\/\/hildasholm.org\/en\/event\/matine-hilda-musikteater-pa-hildasholm\/\">Matin\u00e9: Hilda \u2013 musikteater p\u00e5 Hildasholm<\/a><\/div><div class=\"ectbe-evt-description\"><p>I sommar blir det musikteater i salongen p\u00e5 Hildasholm \u2013 en lekfull och st\u00e4mningsfull f\u00f6rest\u00e4llning om Hildas liv och v\u00e4rld.<\/p>\n<\/div><div class=\"ectbe-evt-more-box\"><a class=\"ectbe-evt-read-more\" href=\"https:\/\/hildasholm.org\/en\/event\/matine-hilda-musikteater-pa-hildasholm\/\">Find out more<\/a><\/div><\/div><div class=\"ectbe-evt-img\"><img decoding=\"async\" src=\"https:\/\/hildasholm.org\/wp-content\/uploads\/2026\/03\/Hilda-16-9-1024x576.jpg\" alt=\"\" \/><\/div><\/div><div id=\"event-3043\" class=\"ectbe-inner-wrapper ectbe-simple-event\"><div id=\"ectbe-date\" class=\"ectbe-date-area\">\n\t\t\t\t\t\t<span class=\"ectbe-ev-mo\">Aug<\/span>\n\t\t\t\t\t\t<span class=\"ectbe-ev-day\">01<\/span>\n\t\t\t\t\t<\/div><div class=\"ectbe-content-box\"><div class=\"ectbe-date-area\">\n                                <span class=\"ectbe-ev-day\">01<\/span>\n                                <span class=\"ectbe-ev-mo\">August<\/span>\n                                <span class=\"ectbe-ev-yr\">2026<\/span>\n                                <\/div><div class=\"ectbe-ev-cate\"><ul class=\"ectbe-evt-category\"><li class=\"ectbe-each-cate\"><a href=\"https:\/\/hildasholm.org\/en\/events\/category\/konsert\/\" rel=\"tag\">konsert<\/a><\/li><\/ul><\/div><div class=\"ectbe-evt-title\"><a class=\"ectbe-evt-url\" href=\"https:\/\/hildasholm.org\/en\/event\/hilda-musikteater-pa-hildasholm-2\/\">Hilda \u2013 musikteater p\u00e5 Hildasholm<\/a><\/div><div class=\"ectbe-evt-description\"><p>I sommar blir det musikteater i salongen p\u00e5 Hildasholm \u2013 en lekfull och st\u00e4mningsfull f\u00f6rest\u00e4llning om Hildas liv och v\u00e4rld.<\/p>\n<\/div><div class=\"ectbe-evt-more-box\"><a class=\"ectbe-evt-read-more\" href=\"https:\/\/hildasholm.org\/en\/event\/hilda-musikteater-pa-hildasholm-2\/\">Find out more<\/a><\/div><\/div><div class=\"ectbe-evt-img\"><img decoding=\"async\" src=\"https:\/\/hildasholm.org\/wp-content\/uploads\/2026\/03\/Hilda-16-9-1024x576.jpg\" alt=\"\" \/><\/div><\/div><\/div>\t\t\t\t<\/div>\n\t\t\t\t<\/div>\n\t\t\t\t\t<\/div>\n\t\t\t\t<\/div>\n\t\t\t\t<\/div>\n\t\t","protected":false},"excerpt":{"rendered":"<p>juni 2025 jun 25 25 juni 2025 konsert Leksands kammarmusikfestival Kammarmusik i v\u00e4rldsklass. En Recital med musik av bland annat Bach, Mozart och Shaw. GERSHWIN, George (1898-1937)Lullaby (1919) BERG, Anna [&hellip;]<\/p>\n","protected":false},"author":2,"featured_media":0,"parent":923,"menu_order":0,"comment_status":"closed","ping_status":"closed","template":"elementor_header_footer","meta":{"_EventAllDay":false,"_EventTimezone":"","_EventStartDate":"","_EventEndDate":"","_EventStartDateUTC":"","_EventEndDateUTC":"","_EventShowMap":false,"_EventShowMapLink":false,"_EventURL":"","_EventCost":"","_EventCostDescription":"","_EventCurrencySymbol":"","_EventCurrencyCode":"","_EventCurrencyPosition":"","_EventDateTimeSeparator":"","_EventTimeRangeSeparator":"","_EventOrganizerID":[],"_EventVenueID":[],"_OrganizerEmail":"","_OrganizerPhone":"","_OrganizerWebsite":"","_VenueAddress":"","_VenueCity":"","_VenueCountry":"","_VenueProvince":"","_VenueState":"","_VenueZip":"","_VenuePhone":"","_VenueURL":"","_VenueStateProvince":"","_VenueLat":"","_VenueLng":"","_VenueShowMap":false,"_VenueShowMapLink":false,"ocean_post_layout":"full-width","ocean_both_sidebars_style":"","ocean_both_sidebars_content_width":0,"ocean_both_sidebars_sidebars_width":0,"ocean_sidebar":"","ocean_second_sidebar":"","ocean_disable_margins":"enable","ocean_add_body_class":"","ocean_shortcode_before_top_bar":"","ocean_shortcode_after_top_bar":"","ocean_shortcode_before_header":"","ocean_shortcode_after_header":"","ocean_has_shortcode":"","ocean_shortcode_after_title":"","ocean_shortcode_before_footer_widgets":"","ocean_shortcode_after_footer_widgets":"","ocean_shortcode_before_footer_bottom":"","ocean_shortcode_after_footer_bottom":"","ocean_display_top_bar":"default","ocean_display_header":"default","ocean_header_style":"","ocean_center_header_left_menu":"","ocean_custom_header_template":"","ocean_custom_logo":0,"ocean_custom_retina_logo":0,"ocean_custom_logo_max_width":0,"ocean_custom_logo_tablet_max_width":0,"ocean_custom_logo_mobile_max_width":0,"ocean_custom_logo_max_height":0,"ocean_custom_logo_tablet_max_height":0,"ocean_custom_logo_mobile_max_height":0,"ocean_header_custom_menu":"","ocean_menu_typo_font_family":"","ocean_menu_typo_font_subset":"","ocean_menu_typo_font_size":0,"ocean_menu_typo_font_size_tablet":0,"ocean_menu_typo_font_size_mobile":0,"ocean_menu_typo_font_size_unit":"px","ocean_menu_typo_font_weight":"","ocean_menu_typo_font_weight_tablet":"","ocean_menu_typo_font_weight_mobile":"","ocean_menu_typo_transform":"","ocean_menu_typo_transform_tablet":"","ocean_menu_typo_transform_mobile":"","ocean_menu_typo_line_height":0,"ocean_menu_typo_line_height_tablet":0,"ocean_menu_typo_line_height_mobile":0,"ocean_menu_typo_line_height_unit":"","ocean_menu_typo_spacing":0,"ocean_menu_typo_spacing_tablet":0,"ocean_menu_typo_spacing_mobile":0,"ocean_menu_typo_spacing_unit":"","ocean_menu_link_color":"","ocean_menu_link_color_hover":"","ocean_menu_link_color_active":"","ocean_menu_link_background":"","ocean_menu_link_hover_background":"","ocean_menu_link_active_background":"","ocean_menu_social_links_bg":"","ocean_menu_social_hover_links_bg":"","ocean_menu_social_links_color":"","ocean_menu_social_hover_links_color":"","ocean_disable_title":"default","ocean_disable_heading":"default","ocean_post_title":"","ocean_post_subheading":"","ocean_post_title_style":"","ocean_post_title_background_color":"","ocean_post_title_background":0,"ocean_post_title_bg_image_position":"","ocean_post_title_bg_image_attachment":"","ocean_post_title_bg_image_repeat":"","ocean_post_title_bg_image_size":"","ocean_post_title_height":0,"ocean_post_title_bg_overlay":0.5,"ocean_post_title_bg_overlay_color":"","ocean_disable_breadcrumbs":"default","ocean_breadcrumbs_color":"","ocean_breadcrumbs_separator_color":"","ocean_breadcrumbs_links_color":"","ocean_breadcrumbs_links_hover_color":"","ocean_display_footer_widgets":"default","ocean_display_footer_bottom":"default","ocean_custom_footer_template":"","osh_disable_topbar_sticky":"default","osh_disable_header_sticky":"default","osh_sticky_header_style":"default","osh_sticky_header_effect":"","osh_custom_sticky_logo":0,"osh_custom_retina_sticky_logo":0,"osh_custom_sticky_logo_height":0,"osh_background_color":"","osh_links_color":"","osh_links_hover_color":"","osh_links_active_color":"","osh_links_bg_color":"","osh_links_hover_bg_color":"","osh_links_active_bg_color":"","osh_menu_social_links_color":"","osh_menu_social_hover_links_color":"","footnotes":""},"class_list":["post-1588","page","type-page","status-publish","hentry","entry"],"_links":{"self":[{"href":"https:\/\/hildasholm.org\/en\/wp-json\/wp\/v2\/pages\/1588","targetHints":{"allow":["GET"]}}],"collection":[{"href":"https:\/\/hildasholm.org\/en\/wp-json\/wp\/v2\/pages"}],"about":[{"href":"https:\/\/hildasholm.org\/en\/wp-json\/wp\/v2\/types\/page"}],"author":[{"embeddable":true,"href":"https:\/\/hildasholm.org\/en\/wp-json\/wp\/v2\/users\/2"}],"replies":[{"embeddable":true,"href":"https:\/\/hildasholm.org\/en\/wp-json\/wp\/v2\/comments?post=1588"}],"version-history":[{"count":13,"href":"https:\/\/hildasholm.org\/en\/wp-json\/wp\/v2\/pages\/1588\/revisions"}],"predecessor-version":[{"id":2718,"href":"https:\/\/hildasholm.org\/en\/wp-json\/wp\/v2\/pages\/1588\/revisions\/2718"}],"up":[{"embeddable":true,"href":"https:\/\/hildasholm.org\/en\/wp-json\/wp\/v2\/pages\/923"}],"wp:attachment":[{"href":"https:\/\/hildasholm.org\/en\/wp-json\/wp\/v2\/media?parent=1588"}],"curies":[{"name":"wp","href":"https:\/\/api.w.org\/{rel}","templated":true}]}}